

{"id":1893,"date":"2019-02-06T11:47:01","date_gmt":"2019-02-06T10:47:01","guid":{"rendered":"https:\/\/ainv.abteilung.tools\/?page_id=1893"},"modified":"2019-02-06T11:52:06","modified_gmt":"2019-02-06T10:52:06","slug":"clause-de-non-responsabilite","status":"publish","type":"page","link":"https:\/\/acneinversaschweiz.ch\/fr\/clause-de-non-responsabilite\/","title":{"rendered":"Clause de non-responsabilit\u00e9"},"content":{"rendered":"[vc_row type=\u00a0\u00bbin_container\u00a0\u00bb full_screen_row_position=\u00a0\u00bbmiddle\u00a0\u00bb equal_height=\u00a0\u00bbyes\u00a0\u00bb scene_position=\u00a0\u00bbcenter\u00a0\u00bb text_color=\u00a0\u00bbdark\u00a0\u00bb text_align=\u00a0\u00bbleft\u00a0\u00bb class=\u00a0\u00bbtopShadow\u00a0\u00bb overlay_strength=\u00a0\u00bb0.3&Prime;][vc_column column_padding=\u00a0\u00bbno-extra-padding\u00a0\u00bb column_padding_position=\u00a0\u00bball\u00a0\u00bb background_color_opacity=\u00a0\u00bb1&Prime; background_hover_color_opacity=\u00a0\u00bb1&Prime; top_margin=\u00a0\u00bb40&Prime; width=\u00a0\u00bb1\/1&Prime; tablet_text_alignment=\u00a0\u00bbdefault\u00a0\u00bb phone_text_alignment=\u00a0\u00bbdefault\u00a0\u00bb][vc_column_text]<strong>Clause de non-responsabilit\u00e9<\/strong><\/p>\n<p>Acne Inversa SchwAIz d\u00e9cline toute responsabilit\u00e9 quant \u00e0 l\u2019exactitude, la pr\u00e9cision, l\u2019actualit\u00e9, la fiabilit\u00e9 et l\u2019int\u00e9gralit\u00e9 des informations mises \u00e0 disposition.<br \/>\nAcne Inversa SchwAIz d\u00e9cline toute responsabilit\u00e9 en cas de dommages mat\u00e9riels ou immat\u00e9riels r\u00e9sultant de l\u2019acc\u00e8s aux informations publi\u00e9es ou de leur utilisation ou non-utilisation, du mauvais usage de la connexion ou de probl\u00e8mes techniques.<br \/>\nToutes les offres sont sans engagement. Acne Inversa SchwAIz se r\u00e9serve express\u00e9ment le droit de modifier, de compl\u00e9ter ou d\u2019effacer des parties de ce site ou l\u2019offre dans son ensemble ou de cesser temporairement ou d\u00e9finitivement la publication sans pr\u00e9avis sp\u00e9cifique.<\/p>\n<p><strong>Responsabilit\u00e9 quant aux liens<\/strong><br \/>\nLes renvois et liens vers d\u2019autres sites Internet ne rel\u00e8vent pas de notre sph\u00e8re de responsabilit\u00e9. Nous d\u00e9clinons toute responsabilit\u00e9 pour de tels sites. Les utilisateurs y acc\u00e8dent et les utilisent \u00e0 leurs risques et p\u00e9rils.<\/p>\n<p><strong>Droits d\u2019auteur<br \/>\n<\/strong>Les droits d\u2019auteur et tout autre droit li\u00e9 aux contenus, illustrations, photos et autres donn\u00e9es plac\u00e9es sur le site sont la propri\u00e9t\u00e9 exclusive de l\u2019association Acne Inversa SchwAIz ou des d\u00e9tenteurs des droits express\u00e9ment cit\u00e9s. Toute reproduction est subordonn\u00e9e \u00e0 l\u2019autorisation \u00e9crite pr\u00e9alable du d\u00e9tenteur des droits. Si ces droits sont transgress\u00e9s, une plainte sera d\u00e9pos\u00e9e imm\u00e9diatement.<br \/>\n<strong><br \/>\n<\/strong><strong>Protection des donn\u00e9es<br \/>\n<\/strong>Conform\u00e9ment \u00e0 l\u2019article 13 de la Constitution f\u00e9d\u00e9rale suisse et aux dispositions relatives \u00e0 la protection des donn\u00e9es de la Conf\u00e9d\u00e9ration (loi sur la protection des donn\u00e9es, LPD), toute personne a droit au respect de sa vie priv\u00e9e ainsi qu\u2019\u00e0 la protection contre l\u2019emploi abusif des donn\u00e9es qui la concernent. Nous nous conformons \u00e0 ces dispositions. Les donn\u00e9es \u00e0 caract\u00e8re personnel sont trait\u00e9es de fa\u00e7on strictement confidentielle et ne sont ni vendues, ni transmises \u00e0 des tiers.<br \/>\nNous nous effor\u00e7ons de prot\u00e9ger le mieux possible les bases de donn\u00e9es contre toute intrusion ext\u00e9rieure, perte, utilisation abusive ou falsification, en \u00e9troite collaboration avec nos fournisseurs d\u2019h\u00e9bergement web.<br \/>\nLors de l\u2019acc\u00e8s \u00e0 notre site Internet, les donn\u00e9es suivantes sont enregistr\u00e9es dans des fichiers journaux: adresse IP, date, heure, requ\u00eate du navigateur et informations g\u00e9n\u00e9rales transmises au syst\u00e8me d\u2019exploitation et au navigateur. Ces donn\u00e9es d\u2019utilisation servent de base \u00e0 des analyses statistiques anonymes effectu\u00e9es afin d\u2019identifier les tendances de mani\u00e8re \u00e0 pouvoir am\u00e9liorer notre offre en cons\u00e9quence.<br \/>\n<strong><br \/>\n<\/strong><strong>D\u00e9claration sur la protection des donn\u00e9es pour l\u2019utilisation des plug-ins Facebook (bouton \u00abJ\u2019aime\u00bb)<\/strong><br \/>\nDes plug-ins du r\u00e9seau social Facebook, 1601 South California Avenue, Palo Alto, CA 94304, \u00c9tats-Unis, sont int\u00e9gr\u00e9s \u00e0 notre site Internet. Sur notre site, vous identifiez les plug-ins Facebook par le logo Facebook ou par le bouton \u00abJ\u2019aime\u00bb. Vous trouverez un aper\u00e7u des plug-ins Facebook sur le lien suivant: http:\/\/developers.facebook.com\/docs\/plugins\/.<br \/>\nLorsque vous consultez notre site, le plug-in cr\u00e9e une connexion directe entre votre navigateur et le serveur Facebook. Facebook est ainsi inform\u00e9 que vous avez consult\u00e9 notre page Facebook avec votre adresse IP. Si vous cliquez sur le bouton \u00abJ\u2019aime\u00bb pendant que vous \u00eates connect\u00e9(e) \u00e0 votre compte Facebook, vous pouvez cr\u00e9er un lien pointant vers les contenus de notre site sur votre profil Facebook. Facebook peut alors associer la consultation de notre site \u00e0 votre compte utilisateur. Nous attirons votre attention sur le fait qu\u2019en notre qualit\u00e9 de fournisseur du site Internet, nous n\u2019avons pas connaissance du contenu des donn\u00e9es transmises ni de l\u2019utilisation qui en est faite par Facebook. Vous trouverez de plus amples informations \u00e0 ce sujet dans la politique d\u2019utilisation des donn\u00e9es de Facebook sur https:\/\/www.facebook.com\/about\/privacy\/<br \/>\nSi vous ne souhaitez pas que Facebook puisse associer la consultation de notre site \u00e0 votre compte utilisateur Facebook, veuillez vous d\u00e9connecter de votre compte Facebook.<br \/>\n<strong><br \/>\n<\/strong><strong>D\u00e9claration sur la protection des donn\u00e9es pour l\u2019utilisation de Twitter<\/strong><br \/>\nDes fonctions du service Twitter sont int\u00e9gr\u00e9es \u00e0 notre site. Elles sont propos\u00e9es par Twitter Inc., 795 Folsom St., Suite 600, San Francisco, CA 94107, \u00c9tats-Unis. Si vous utilisez Twitter et la fonction \u00abre-tweet\u00bb, les sites Internet que vous visitez seront associ\u00e9s \u00e0 votre compte Twitter et notifi\u00e9s aux autres utilisateurs. Des donn\u00e9es telles que l\u2019adresse IP, le type de navigateur, les domaines affich\u00e9s, les pages consult\u00e9es, le prestataire de t\u00e9l\u00e9phonie mobile, les identifiants de p\u00e9riph\u00e9riques et d\u2019applications ou les mots recherch\u00e9s sont transmises \u00e0 Twitter.<br \/>\nNous attirons votre attention sur le fait qu\u2019en notre qualit\u00e9 de fournisseur du site Internet, nous n\u2019avons pas connaissance du contenu des donn\u00e9es transmises ni de l\u2019utilisation qui en est faite par Twitter. Compte tenu de l\u2019actualisation permanente de la politique de confidentialit\u00e9 des donn\u00e9es de Twitter, nous vous renvoyons \u00e0 la derni\u00e8re version (http:\/\/twitter.com\/privacy).<br \/>\nVous pouvez modifier vos param\u00e8tres de protection des donn\u00e9es dans les param\u00e8tres de votre compte \u00e0 l\u2019adresse suivante http:\/\/twitter.com\/account\/settings. Pour toute question, veuillez vous adresser \u00e0 privacy@twitter.com.<br \/>\n<strong><br \/>\n<\/strong><strong>Source<br \/>\n<\/strong>Les pr\u00e9sentes mentions l\u00e9gales ont \u00e9t\u00e9 \u00e9tablies le 2.11.2016 \u00e0 l\u2019aide du logiciel Impressum-Generator http:\/\/www.bag.ch\/impressum-generator de la soci\u00e9t\u00e9 Brunner Medien AG, Druck und Medien, domicili\u00e9e \u00e0 Kriens. Brunner Medien AG, Druck und Medien, Kriens, d\u00e9cline toute responsabilit\u00e9.[\/vc_column_text][\/vc_column][\/vc_row]\n","protected":false},"excerpt":{"rendered":"<p>[vc_row type=\u00a0\u00bbin_container\u00a0\u00bb full_screen_row_position=\u00a0\u00bbmiddle\u00a0\u00bb equal_height=\u00a0\u00bbyes\u00a0\u00bb scene_position=\u00a0\u00bbcenter\u00a0\u00bb text_color=\u00a0\u00bbdark\u00a0\u00bb text_align=\u00a0\u00bbleft\u00a0\u00bb class=\u00a0\u00bbtopShadow\u00a0\u00bb overlay_strength=\u00a0\u00bb0.3&Prime;][vc_column column_padding=\u00a0\u00bbno-extra-padding\u00a0\u00bb column_padding_position=\u00a0\u00bball\u00a0\u00bb background_color_opacity=\u00a0\u00bb1&Prime; background_hover_color_opacity=\u00a0\u00bb1&Prime; top_margin=\u00a0\u00bb40&Prime; width=\u00a0\u00bb1\/1&Prime; tablet_text_alignment=\u00a0\u00bbdefault\u00a0\u00bb phone_text_alignment=\u00a0\u00bbdefault\u00a0\u00bb][vc_column_text]Clause de non-responsabilit\u00e9 Acne Inversa SchwAIz d\u00e9cline toute responsabilit\u00e9 quant \u00e0 l\u2019exactitude, la pr\u00e9cision,&#8230;<\/p>\n","protected":false},"author":1,"featured_media":0,"parent":0,"menu_order":0,"comment_status":"closed","ping_status":"closed","template":"","meta":{"footnotes":""},"class_list":["post-1893","page","type-page","status-publish"],"_links":{"self":[{"href":"https:\/\/acneinversaschweiz.ch\/fr\/wp-json\/wp\/v2\/pages\/1893","targetHints":{"allow":["GET"]}}],"collection":[{"href":"https:\/\/acneinversaschweiz.ch\/fr\/wp-json\/wp\/v2\/pages"}],"about":[{"href":"https:\/\/acneinversaschweiz.ch\/fr\/wp-json\/wp\/v2\/types\/page"}],"author":[{"embeddable":true,"href":"https:\/\/acneinversaschweiz.ch\/fr\/wp-json\/wp\/v2\/users\/1"}],"replies":[{"embeddable":true,"href":"https:\/\/acneinversaschweiz.ch\/fr\/wp-json\/wp\/v2\/comments?post=1893"}],"version-history":[{"count":3,"href":"https:\/\/acneinversaschweiz.ch\/fr\/wp-json\/wp\/v2\/pages\/1893\/revisions"}],"predecessor-version":[{"id":1896,"href":"https:\/\/acneinversaschweiz.ch\/fr\/wp-json\/wp\/v2\/pages\/1893\/revisions\/1896"}],"wp:attachment":[{"href":"https:\/\/acneinversaschweiz.ch\/fr\/wp-json\/wp\/v2\/media?parent=1893"}],"curies":[{"name":"wp","href":"https:\/\/api.w.org\/{rel}","templated":true}]}}