

{"id":1890,"date":"2019-02-06T11:45:00","date_gmt":"2019-02-06T10:45:00","guid":{"rendered":"https:\/\/ainv.abteilung.tools\/?page_id=1890"},"modified":"2019-02-06T11:45:00","modified_gmt":"2019-02-06T10:45:00","slug":"statuts","status":"publish","type":"page","link":"https:\/\/acneinversaschweiz.ch\/fr\/statuts\/","title":{"rendered":"Statuts"},"content":{"rendered":"[vc_row type=\u00a0\u00bbin_container\u00a0\u00bb full_screen_row_position=\u00a0\u00bbmiddle\u00a0\u00bb scene_position=\u00a0\u00bbcenter\u00a0\u00bb text_color=\u00a0\u00bbdark\u00a0\u00bb text_align=\u00a0\u00bbleft\u00a0\u00bb overlay_strength=\u00a0\u00bb0.3&Prime;][vc_column column_padding=\u00a0\u00bbno-extra-padding\u00a0\u00bb column_padding_position=\u00a0\u00bball\u00a0\u00bb background_color_opacity=\u00a0\u00bb1&Prime; background_hover_color_opacity=\u00a0\u00bb1&Prime; width=\u00a0\u00bb1\/1&Prime; tablet_text_alignment=\u00a0\u00bbdefault\u00a0\u00bb phone_text_alignment=\u00a0\u00bbdefault\u00a0\u00bb][vc_column_text]<a href=\"https:\/\/ainv.abteilung.tools\/wp-content\/uploads\/2016\/10\/20170119_Statuten-AI_Final-2017-mit-Zusatz.pdf\">20170119_Statuten AI_Final 2017 avec annexe<\/a>\u00a0 \u00a0<strong>Lors de sa cr\u00e9ation, l\u2019association Acne Inversa SchwAIz a adopt\u00e9 les statuts suivants:<\/strong>\u00a0 <strong>Statuts<\/strong> <strong>\u00a0<\/strong><\/p>\n<ol>\n<li><strong>Nom et si\u00e8ge<\/strong><\/li>\n<\/ol>\n<p>Il est constitu\u00e9 sous le nom d\u2019\u00abAcne Inversa SchwAIz\u00bb une association au sens des articles 60 et suivants du CC avec si\u00e8ge au domicile du pr\u00e9sident. Elle se veut d\u2019une parfaite neutralit\u00e9 politique et confessionnelle.<\/p>\n<ol start=\"2\">\n<li><strong>But et finalit\u00e9<\/strong><\/li>\n<\/ol>\n<p>L\u2019association a pour but de sensibiliser \u00e0 la maladie de Verneuil, de faire tomber le tabou qui l\u2019entoure et d\u2019informer les personnes concern\u00e9es, leurs proches et les personnes int\u00e9ress\u00e9es en Suisse et dans les r\u00e9gions limitrophes. L\u2019association souhaite offrir aux personnes concern\u00e9es et \u00e0 leurs proches une plate-forme d\u2019\u00e9change mutuel d\u2019informations et d\u2019exp\u00e9riences, ou la possibilit\u00e9 de s\u2019exprimer d\u2019une mani\u00e8re g\u00e9n\u00e9rale. En outre, l\u2019association souhaite fournir aux personnes concern\u00e9es l\u2019aide n\u00e9cessaire pour participer activement \u00e0 la vie sociale et s\u2019entraider. L\u2019association ne poursuit aucun but commercial et ne vise aucun b\u00e9n\u00e9fice. Les membres des organes exercent leur activit\u00e9 \u00e0 titre b\u00e9n\u00e9vole.<\/p>\n<ol start=\"3\">\n<li><strong>Fonds<\/strong><\/li>\n<\/ol>\n<p>Pour poursuivre son but, l\u2019association dispose des moyens suivants:<br \/>\nLes cotisations annuelles doivent \u00eatre r\u00e9gl\u00e9es pour toute la dur\u00e9e de l\u2019exercice.<br \/>\nLeur montant est fix\u00e9 chaque ann\u00e9e par l\u2019assembl\u00e9e g\u00e9n\u00e9rale.<\/p>\n<ol>\n<li>Les membres honoraires sont exempt\u00e9s du paiement des cotisations.<\/li>\n<li>Exceptions: apr\u00e8s v\u00e9rification du comit\u00e9, les b\u00e9n\u00e9ficiaires de l\u2019aide sociale b\u00e9n\u00e9ficient d\u2019une r\u00e9duction, voire d\u2019une exon\u00e9ration de leur cotisation.<\/li>\n<\/ol>\n<p>Autres revenus:<\/p>\n<ul>\n<li>recettes provenant d\u2019\u00e9v\u00e9nements propres<\/li>\n<li>subventions \/ contributions des sponsors<\/li>\n<li>recettes provenant de conventions de prestations<\/li>\n<li>dons et sources de financement en tous genres<\/li>\n<\/ul>\n<ol start=\"4\">\n<li><strong> Adh\u00e9sion<\/strong><\/li>\n<\/ol>\n<p>Toutes les personnes physiques ou morales qui soutiennent le but de l\u2019association peuvent devenir membres, qu\u2019elles souffrent de la maladie de Verneuil ou non, sans distinction de sexe, d\u2019\u00e2ge ou de nationalit\u00e9.<\/p>\n<p>En principe, tous les membres sont actifs. Chaque personne est libre de d\u00e9terminer dans quelle mesure elle souhaite s\u2019impliquer, activement ou passivement, dans la vie de l\u2019association. La participation active \u00e0 l\u2019association est souhaitable, mais pas obligatoire. Les membres avec droit de vote sont des personnes physiques qui peuvent profiter des offres et des infrastructures de l\u2019association.<\/p>\n<p>Les personnes qui se sont engag\u00e9es sp\u00e9cialement en faveur de l\u2019association peuvent se voir accorder la qualit\u00e9 de membre d\u2019honneur sur proposition du comit\u00e9, par d\u00e9cision de l\u2019assembl\u00e9e g\u00e9n\u00e9rale. Elles poss\u00e8dent les m\u00eames droits et devoirs que les membres actifs, mais ne paient pas de cotisation de membre.<\/p>\n<p>Les membres donateurs sans droit de vote versent une cotisation annuelle au moins \u00e9gale \u00e0 celle des membres actifs.<\/p>\n<p>Les demandes d\u2019adh\u00e9sion doivent \u00eatre adress\u00e9es au comit\u00e9. C\u2019est le comit\u00e9 qui d\u00e9cide de l\u2019admission des membres.<\/p>\n<p>Les membres se soumettent aux statuts et aux d\u00e9cisions du comit\u00e9 et de l\u2019assembl\u00e9e g\u00e9n\u00e9rale.<\/p>\n<ol start=\"5\">\n<li><strong>Adh\u00e9sion \/ sortie \/ exclusion<\/strong><\/li>\n<\/ol>\n<p>L\u2019adh\u00e9sion s\u2019effectue sur la base d\u2019une demande d\u2019affiliation \u00e9crite.<\/p>\n<p>Une d\u00e9mission de l\u2019association est possible \u00e0 la fin de l\u2019exercice en cours. Elle doit \u00eatre adress\u00e9e par \u00e9crit au comit\u00e9 au moins deux mois au pr\u00e9alable.<\/p>\n<p>La pleine cotisation est due pour l\u2019ann\u00e9e entam\u00e9e. Le montant vers\u00e9 \u00e0 l\u2019inscription ne sera pas rembours\u00e9.<\/p>\n<p>Si le d\u00e9lai de r\u00e9siliation pour la fin d\u2019une ann\u00e9e civile n\u2019est pas respect\u00e9, l\u2019adh\u00e9sion est automatiquement prolong\u00e9e d\u2019un an.<\/p>\n<p>Tout membre peut \u00eatre exclu de l\u2019association \u00e0 tout moment, sur d\u00e9cision du comit\u00e9. Pr\u00e9alablement \u00e0 une exclusion, il convient, en tout cas, de donner l\u2019occasion au membre concern\u00e9 d\u2019exprimer son point de vue. Les argumentations \u00e9crites ou t\u00e9l\u00e9phoniques sont autoris\u00e9es. Les motifs de l\u2019exclusion ne sont communiqu\u00e9s qu\u2019au membre concern\u00e9.<\/p>\n<p>L\u2019exclusion est automatique quand la cotisation n\u2019a pas \u00e9t\u00e9 pay\u00e9e malgr\u00e9 deux rappels \u00e9crits.<\/p>\n<p>Les membres qui nuisent aux int\u00e9r\u00eats de la soci\u00e9t\u00e9 peuvent aussi \u00eatre exclus par d\u00e9cision de l\u2019assembl\u00e9e g\u00e9n\u00e9rale.<\/p>\n<ol start=\"6\">\n<li><strong> Organes\u00a0de l\u2019association<\/strong><\/li>\n<\/ol>\n<p>Les organes de l\u2019association sont les suivants:<\/p>\n<ol>\n<li>l\u2019assembl\u00e9e g\u00e9n\u00e9rale<\/li>\n<li>le comit\u00e9<\/li>\n<\/ol>\n<p><strong>\u00a0<\/strong><\/p>\n<ol start=\"7\">\n<li><strong> Conseil scientifique<\/strong><\/li>\n<\/ol>\n<p>Le conseil scientifique est une commission constitu\u00e9e de dermatologues et d\u2019autres sp\u00e9cialistes qui soutiennent les objectifs de la soci\u00e9t\u00e9. Ils ne doivent pas n\u00e9cessairement \u00eatre membres d\u2019Acne Inversa SchwAIz. Les membres du conseil scientifique se tiennent, dans la mesure du possible, \u00e0 la disposition du comit\u00e9 pour r\u00e9pondre aux questions concernant les probl\u00e8mes aff\u00e9rents \u00e0 la maladie de Verneuil. Le conseil scientifique peut formuler des recommandations dans les domaines technique et m\u00e9dical \u00e0 l\u2019attention du comit\u00e9 et de l\u2019assembl\u00e9e g\u00e9n\u00e9rale. Autant que faire se peut, les membres du conseil scientifique participent \u00e0 l\u2019assembl\u00e9e g\u00e9n\u00e9rale.<\/p>\n<ol start=\"8\">\n<li><strong>L\u2019assembl\u00e9e g\u00e9n\u00e9rale<\/strong><\/li>\n<\/ol>\n<p>L\u2019assembl\u00e9e g\u00e9n\u00e9rale est l\u2019organe supr\u00eame de l\u2019association. L\u2019assembl\u00e9e g\u00e9n\u00e9rale ordinaire se tient une fois par an.<\/p>\n<p>La convocation des membres est effectu\u00e9e par \u00e9crit au moins dix (10) jours \u00e0 l\u2019avance, en indiquant les points figurant \u00e0 l\u2019ordre du jour. Les convocations par e-mail sont valides.<\/p>\n<p>Les inscriptions \u00e0 l\u2019ordre du jour \u00e0 l\u2019intention de l\u2019assembl\u00e9e g\u00e9n\u00e9rale doivent \u00eatre adress\u00e9es au comit\u00e9 par \u00e9crit (c\u2019est-\u00e0-dire par courrier ou par e-mail) au moins cinq (5) jours au pr\u00e9alable.<\/p>\n<p>Lorsque le comit\u00e9 ou l\u2019assembl\u00e9e g\u00e9n\u00e9rale en fait la demande, une assembl\u00e9e g\u00e9n\u00e9rale extraordinaire doit \u00eatre convoqu\u00e9e au moins trois semaines au pr\u00e9alable. Elle doit aussi \u00eatre convoqu\u00e9e lorsqu\u2019un cinqui\u00e8me des membres ayant droit de vote en fait la demande.<\/p>\n<p>L\u2019assembl\u00e9e peut valablement prendre ses d\u00e9cisions si elle est convoqu\u00e9e conform\u00e9ment aux prescriptions statutaires. Chaque membre actif pr\u00e9sent dispose d\u2019une voix.<\/p>\n<p>Les membres collectifs peuvent \u00eatre convi\u00e9s \u00e0 l\u2019assembl\u00e9e g\u00e9n\u00e9rale par le comit\u00e9. Ils peuvent assister \u00e0 l\u2019assembl\u00e9e g\u00e9n\u00e9rale et prendre la parole sur certains th\u00e8mes, mais ils n\u2019ont pas le droit de vote.<\/p>\n<p>Les d\u00e9cisions sont prises \u00e0 la majorit\u00e9 des suffrages, dans la mesure o\u00f9 les statuts ne pr\u00e9voient pas de disposition diff\u00e9rente. En cas d\u2019\u00e9galit\u00e9 des voix, celle du pr\u00e9sident est pr\u00e9pond\u00e9rante. Les d\u00e9cisions sont prises \u00e0 main lev\u00e9e, pour autant que l\u2019assembl\u00e9e g\u00e9n\u00e9rale n\u2019en d\u00e9cide pas autrement.<\/p>\n<p>Les attributions et comp\u00e9tences inali\u00e9nables de l\u2019assembl\u00e9e g\u00e9n\u00e9rale sont les suivantes:<\/p>\n<ol>\n<li>approbation du proc\u00e8s-verbal de la derni\u00e8re assembl\u00e9e g\u00e9n\u00e9rale<\/li>\n<li>approbation du rapport annuel du comit\u00e9<\/li>\n<li>acceptation du rapport de l\u2019organe de r\u00e9vision et approbation des comptes annuels<\/li>\n<li>d\u00e9charge au comit\u00e9<\/li>\n<li>\u00e9lection du pr\u00e9sident\/de la pr\u00e9sidente, des autres membres du comit\u00e9 et de l\u2019organe de contr\u00f4le<\/li>\n<li>fixation de la cotisation annuelle pour les membres<\/li>\n<li>approbation du budget annuel<\/li>\n<li>adoption du programme des activit\u00e9s<\/li>\n<li>prise de d\u00e9cision quant \u00e0 d\u2019autres affaires soulev\u00e9es par des membres ou par le comit\u00e9<\/li>\n<li>modification des statuts<\/li>\n<li>d\u00e9cision quant \u00e0 l\u2019exclusion de membres<\/li>\n<li>prise de d\u00e9cision quant \u00e0 la dissolution de l\u2019association et l\u2019affectation du produit de la liquidation.<\/li>\n<\/ol>\n<p>Toute assembl\u00e9e g\u00e9n\u00e9rale convoqu\u00e9e selon les dispositions en vigueur a pouvoir d\u00e9cisionnel, ind\u00e9pendamment du nombre de membres pr\u00e9sents.<\/p>\n<p>Les d\u00e9cisions sont prises \u00e0 la majorit\u00e9 simple des suffrages. Les membres ordinaires peuvent \u00e9galement transmettre leur vote par e-mail, par t\u00e9l\u00e9phone ou par chat en ligne. Les membres votant par t\u00e9l\u00e9phone ou par chat en ligne doivent confirmer ult\u00e9rieurement leur vote au comit\u00e9 par \u00e9crit. En cas d\u2019\u00e9galit\u00e9 des voix, le pr\u00e9sident a voix pr\u00e9pond\u00e9rante.<\/p>\n<p>La modification des statuts n\u00e9cessite l\u2019assentiment d\u2019une majorit\u00e9 simple des membres.<\/p>\n<p>Les d\u00e9cisions adopt\u00e9es font au minimum l\u2019objet d\u2019un proc\u00e8s-verbal.<\/p>\n<ol start=\"9\">\n<li><strong> Le comit\u00e9<\/strong><\/li>\n<li>Le comit\u00e9 est compos\u00e9 de trois membres au minimum.<\/li>\n<li>La dur\u00e9e de leur mandat est d\u2019au moins un an. Le comit\u00e9 peut \u00eatre reconduit dans ses fonctions.<\/li>\n<li>Il g\u00e8re les affaires courantes et repr\u00e9sente l\u2019association \u00e0 l\u2019externe.<\/li>\n<li>Il \u00e9dicte les r\u00e8glements.<\/li>\n<li>Il peut constituer des groupes de travail (groupes d\u2019experts).<\/li>\n<li>Pour atteindre les objectifs de l\u2019association, il peut engager ou mandater des personnes contre r\u00e9mun\u00e9ration \u00e9quitable.<\/li>\n<\/ol>\n<p>Im Vorstand sind folgende Ressorts vertreten:<\/p>\n<ol>\n<li>pr\u00e9sident<\/li>\n<li>vice-pr\u00e9sident<\/li>\n<li>responsable des finances<\/li>\n<\/ol>\n<p>Le cumul des fonctions est possible.<\/p>\n<p>Le comit\u00e9 se r\u00e9unit aussi souvent que les affaires l\u2019exigent. Chaque membre du comit\u00e9 peut demander la convocation d\u2019une s\u00e9ance, en en pr\u00e9cisant les raisons. Dans la mesure o\u00f9 aucun des membres du comit\u00e9 n\u2019exige une audience publique, la prise de d\u00e9cision par voie de circulaire est valide (y compris par e-mail).<\/p>\n<p>L\u2019activit\u00e9 au sein du comit\u00e9 est en principe b\u00e9n\u00e9vole. Les membres ont droit au remboursement de leurs frais effectifs.<\/p>\n<ol start=\"10\">\n<li><strong>L\u2019organe de r\u00e9vision<\/strong><\/li>\n<\/ol>\n<p>L\u2019assembl\u00e9e g\u00e9n\u00e9rale \u00e9lit un (1) v\u00e9rificateur des comptes ou une personne morale qui examine les comptes et effectue un contr\u00f4le ponctuel au moins une fois par an.<\/p>\n<p>L\u2019organe de r\u00e9vision adresse au comit\u00e9, \u00e0 l\u2019intention de l\u2019assembl\u00e9e g\u00e9n\u00e9rale, un rapport accompagn\u00e9 de propositions.<\/p>\n<p>La dur\u00e9e du mandat est d\u2019un an. L\u2019organe de r\u00e9vision peut \u00eatre reconduit dans ses fonctions.<\/p>\n<ol start=\"11\">\n<li><strong>Droit de signature<\/strong><\/li>\n<\/ol>\n<p>L\u2019association est engag\u00e9e par la signature collective de son pr\u00e9sident et d\u2019un autre membre du comit\u00e9.<\/p>\n<ol start=\"12\">\n<li><strong>Responsabilit\u00e9<\/strong><\/li>\n<\/ol>\n<p>Seule la fortune de l\u2019association r\u00e9pond des dettes de l\u2019association. Toute responsabilit\u00e9 personnelle des membres de l\u2019association est exclue.<\/p>\n<ol start=\"13\">\n<li><strong>Dissolution de l\u2019association<\/strong><\/li>\n<\/ol>\n<p>La dissolution de l\u2019association peut \u00eatre d\u00e9cid\u00e9e par une assembl\u00e9e g\u00e9n\u00e9rale ordinaire ou extraordinaire \u00e0 la majorit\u00e9 simple des membres pr\u00e9sents.<\/p>\n<p>En cas de dissolution de l\u2019association, sa fortune est c\u00e9d\u00e9e \u00e0 une entit\u00e9 exon\u00e9r\u00e9e d\u2019imp\u00f4ts poursuivant des buts identiques ou similaires. Toute r\u00e9partition de la fortune de l\u2019association entre ses membres est exclue.<\/p>\n<ol start=\"14\">\n<li><strong>Entr\u00e9e en vigueur<\/strong><\/li>\n<\/ol>\n<p>Les pr\u00e9sents statuts ont \u00e9t\u00e9 approuv\u00e9s le 10\u00a0d\u00e9cembre\u00a02015 lors de l\u2019assembl\u00e9e constitutive et sont entr\u00e9s en vigueur \u00e0 cette date.<\/p>\n<p>Ils ont \u00e9t\u00e9 modifi\u00e9s le 13\u00a0janvier\u00a02017 dans le cadre de l\u2019assembl\u00e9e g\u00e9n\u00e9rale ordinaire et sont imm\u00e9diatement entr\u00e9s en vigueur.<\/p>\n<ol start=\"15\">\n<li><strong>Ind\u00e9pendance de l\u2019association<\/strong><\/li>\n<\/ol>\n<p>Au cours de la phase de cr\u00e9ation, cette initiative de patients a re\u00e7u le soutien d\u2019entreprises pharmaceutiques. L\u2019association confirme qu\u2019elle dispose du plein contr\u00f4le du contenu de son travail et qu\u2019elle conserve son ind\u00e9pendance. L\u2019association s\u2019engage, dans le cadre de ses activit\u00e9s publicitaires, \u00e0 ne pas pr\u00e9senter de vue partiale au profit d\u2019une entreprise, d\u2019un traitement ou d\u2019un produit en particulier.<\/p>\n<p>Lenzbourg, le 13\u00a0janvier 2017<\/p>\n<p>Les statuts sign\u00e9s sont archiv\u00e9s dans les r\u00e8gles de l\u2019art et peuvent \u00eatre consult\u00e9s en tout temps par le comit\u00e9.[\/vc_column_text][\/vc_column][\/vc_row]\n","protected":false},"excerpt":{"rendered":"<p>[vc_row type=\u00a0\u00bbin_container\u00a0\u00bb full_screen_row_position=\u00a0\u00bbmiddle\u00a0\u00bb scene_position=\u00a0\u00bbcenter\u00a0\u00bb text_color=\u00a0\u00bbdark\u00a0\u00bb text_align=\u00a0\u00bbleft\u00a0\u00bb overlay_strength=\u00a0\u00bb0.3&Prime;][vc_column column_padding=\u00a0\u00bbno-extra-padding\u00a0\u00bb column_padding_position=\u00a0\u00bball\u00a0\u00bb background_color_opacity=\u00a0\u00bb1&Prime; background_hover_color_opacity=\u00a0\u00bb1&Prime; width=\u00a0\u00bb1\/1&Prime; tablet_text_alignment=\u00a0\u00bbdefault\u00a0\u00bb phone_text_alignment=\u00a0\u00bbdefault\u00a0\u00bb][vc_column_text]20170119_Statuten AI_Final 2017 avec annexe\u00a0 \u00a0Lors de sa cr\u00e9ation, l\u2019association Acne Inversa SchwAIz a adopt\u00e9 les statuts&#8230;<\/p>\n","protected":false},"author":1,"featured_media":0,"parent":0,"menu_order":0,"comment_status":"closed","ping_status":"closed","template":"","meta":{"footnotes":""},"class_list":["post-1890","page","type-page","status-publish"],"_links":{"self":[{"href":"https:\/\/acneinversaschweiz.ch\/fr\/wp-json\/wp\/v2\/pages\/1890","targetHints":{"allow":["GET"]}}],"collection":[{"href":"https:\/\/acneinversaschweiz.ch\/fr\/wp-json\/wp\/v2\/pages"}],"about":[{"href":"https:\/\/acneinversaschweiz.ch\/fr\/wp-json\/wp\/v2\/types\/page"}],"author":[{"embeddable":true,"href":"https:\/\/acneinversaschweiz.ch\/fr\/wp-json\/wp\/v2\/users\/1"}],"replies":[{"embeddable":true,"href":"https:\/\/acneinversaschweiz.ch\/fr\/wp-json\/wp\/v2\/comments?post=1890"}],"version-history":[{"count":2,"href":"https:\/\/acneinversaschweiz.ch\/fr\/wp-json\/wp\/v2\/pages\/1890\/revisions"}],"predecessor-version":[{"id":1892,"href":"https:\/\/acneinversaschweiz.ch\/fr\/wp-json\/wp\/v2\/pages\/1890\/revisions\/1892"}],"wp:attachment":[{"href":"https:\/\/acneinversaschweiz.ch\/fr\/wp-json\/wp\/v2\/media?parent=1890"}],"curies":[{"name":"wp","href":"https:\/\/api.w.org\/{rel}","templated":true}]}}