

{"id":1886,"date":"2019-02-06T11:37:14","date_gmt":"2019-02-06T10:37:14","guid":{"rendered":"https:\/\/ainv.abteilung.tools\/?page_id=1886"},"modified":"2024-11-15T19:31:47","modified_gmt":"2024-11-15T18:31:47","slug":"liens","status":"publish","type":"page","link":"https:\/\/acneinversaschweiz.ch\/fr\/liens\/","title":{"rendered":"Liens"},"content":{"rendered":"[vc_row type=\u00a0\u00bbin_container\u00a0\u00bb full_screen_row_position=\u00a0\u00bbmiddle\u00a0\u00bb scene_position=\u00a0\u00bbcenter\u00a0\u00bb text_color=\u00a0\u00bbdark\u00a0\u00bb text_align=\u00a0\u00bbleft\u00a0\u00bb class=\u00a0\u00bbtopShadow\u00a0\u00bb overlay_strength=\u00a0\u00bb0.3&Prime;][vc_column column_padding=\u00a0\u00bbno-extra-padding\u00a0\u00bb column_padding_position=\u00a0\u00bball\u00a0\u00bb background_color_opacity=\u00a0\u00bb1&Prime; background_hover_color_opacity=\u00a0\u00bb1&Prime; top_margin=\u00a0\u00bb40&Prime; width=\u00a0\u00bb1\/1&Prime; tablet_text_alignment=\u00a0\u00bbdefault\u00a0\u00bb phone_text_alignment=\u00a0\u00bbdefault\u00a0\u00bb][vc_column_text]Nous vous recommandons les sites suivants pour obtenir des informations compl\u00e9mentaires sur Internet:[\/vc_column_text][\/vc_column][\/vc_row][vc_row type=\u00a0\u00bbin_container\u00a0\u00bb full_screen_row_position=\u00a0\u00bbmiddle\u00a0\u00bb scene_position=\u00a0\u00bbcenter\u00a0\u00bb text_color=\u00a0\u00bbdark\u00a0\u00bb text_align=\u00a0\u00bbleft\u00a0\u00bb overlay_strength=\u00a0\u00bb0.3&Prime;][vc_column column_padding=\u00a0\u00bbno-extra-padding\u00a0\u00bb column_padding_position=\u00a0\u00bball\u00a0\u00bb background_color_opacity=\u00a0\u00bb1&Prime; background_hover_color_opacity=\u00a0\u00bb1&Prime; width=\u00a0\u00bb1\/1&Prime; tablet_text_alignment=\u00a0\u00bbdefault\u00a0\u00bb phone_text_alignment=\u00a0\u00bbdefault\u00a0\u00bb][divider line_type=\u00a0\u00bbSmall Line\u00a0\u00bb line_thickness=\u00a0\u00bb1&Prime; divider_color=\u00a0\u00bbdefault\u00a0\u00bb custom_height=\u00a0\u00bb40&Prime;][\/vc_column][\/vc_row][vc_row type=\u00a0\u00bbin_container\u00a0\u00bb full_screen_row_position=\u00a0\u00bbmiddle\u00a0\u00bb scene_position=\u00a0\u00bbcenter\u00a0\u00bb text_color=\u00a0\u00bbdark\u00a0\u00bb text_align=\u00a0\u00bbleft\u00a0\u00bb overlay_strength=\u00a0\u00bb0.3&Prime;][vc_column column_padding=\u00a0\u00bbno-extra-padding\u00a0\u00bb column_padding_position=\u00a0\u00bball\u00a0\u00bb background_color_opacity=\u00a0\u00bb1&Prime; background_hover_color_opacity=\u00a0\u00bb1&Prime; width=\u00a0\u00bb1\/1&Prime; tablet_text_alignment=\u00a0\u00bbdefault\u00a0\u00bb phone_text_alignment=\u00a0\u00bbdefault\u00a0\u00bb][vc_column_text]<strong><span style=\"color: #06a290;\">Vous cherchez une aide imm\u00e9diate ?<\/span><\/strong><\/p>\n<p>pro mente sana<br \/>\nConseil sp\u00e9cialis\u00e9 en mati\u00e8re de sant\u00e9 et de maladie mentale<br \/>\n<a href=\"https:\/\/www.promentesana.ch\">promentesana.ch<\/a><\/p>\n<p><a href=\"http:\/\/www.selbsthilfeschweiz.ch\">www.selbsthilfeschweiz.ch<\/a><\/p>\n<p><u><a title=\"http:\/\/www.selbsthilfezuerich.ch\/\" href=\"http:\/\/www.selbsthilfezuerich.ch\/\">www.selbsthilfezuerich.ch<\/a><\/u>[\/vc_column_text][divider line_type=\u00a0\u00bbSmall Line\u00a0\u00bb line_thickness=\u00a0\u00bb1&Prime; divider_color=\u00a0\u00bbdefault\u00a0\u00bb][\/vc_column][\/vc_row][vc_row type=\u00a0\u00bbin_container\u00a0\u00bb full_screen_row_position=\u00a0\u00bbmiddle\u00a0\u00bb scene_position=\u00a0\u00bbcenter\u00a0\u00bb text_color=\u00a0\u00bbdark\u00a0\u00bb text_align=\u00a0\u00bbleft\u00a0\u00bb overlay_strength=\u00a0\u00bb0.3&Prime;][vc_column column_padding=\u00a0\u00bbno-extra-padding\u00a0\u00bb column_padding_position=\u00a0\u00bball\u00a0\u00bb background_color_opacity=\u00a0\u00bb1&Prime; background_hover_color_opacity=\u00a0\u00bb1&Prime; width=\u00a0\u00bb1\/1&Prime; tablet_text_alignment=\u00a0\u00bbdefault\u00a0\u00bb phone_text_alignment=\u00a0\u00bbdefault\u00a0\u00bb][vc_column_text]<strong><span style=\"color: #06a290;\">Autres liens<\/span><\/strong><\/p>\n<p><strong>En Suisse:<\/strong><br \/>\nWebsite: <a href=\"https:\/\/ainv.abteilung.tools\" target=\"_blank\" rel=\"noopener\">www.acneinversaschweiz.ch<\/a><br \/>\nSite web (groupe ferm\u00e9): <a href=\"https:\/\/www.facebook.com\/groups\/vereinAIschwaiz\/\" target=\"_blank\" rel=\"noopener\">https:\/\/www.facebook.com\/groups\/vereinAIschwaiz\/<\/a><br \/>\nFacebook (page publique): <a href=\"https:\/\/www.facebook.com\/www.acneinversaschweiz.ch\/\" target=\"_blank\" rel=\"noopener\">https:\/\/www.facebook.com\/www.acneinversaschweiz.ch\/<\/a><\/p>\n<p><strong>Pages d\u2019information:<\/strong><\/p>\n<p><a href=\"http:\/\/www.Acneinversa.ch\">http:\/\/www.Acneinversa.ch<\/a><\/p>\n<p><a href=\"http:\/\/www.sprechzimmer.ch\/sprechzimmer\/Krankheitsbilder\/Acne_Inversa.php\" target=\"_blank\" rel=\"noopener\">http:\/\/www.sprechzimmer.ch\/sprechzimmer\/Krankheitsbilder\/Acne_Inversa.php<\/a><\/p>\n<p><a href=\"http:\/\/www.dermatologie.insel.ch\/de\/angebote\/spezialsprechstunden0\/hidradenitissupp\/\" target=\"_blank\" rel=\"noopener\">http:\/\/www.dermatologie.insel.ch\/de\/angebote\/spezialsprechstunden0\/hidradenitissupp\/<\/a><\/p>\n<p><a href=\"http:\/\/www.pharmawiki.ch\/wiki\/index.php?wiki=Acne_inversa\" target=\"_blank\" rel=\"noopener\">http:\/\/www.pharmawiki.ch\/wiki\/index.php?wiki=Acne_inversa<\/a><\/p>\n<p>https:\/\/www.mein-patientenportal.ch\/fr-ch\/maladies\/dermatologie\/la-maladie-de-verneuil\/service<\/p>\n<p><strong>En Autriche:<\/strong><\/p>\n<p><strong>Pages d\u2019information:<\/strong><\/p>\n<p><a href=\"http:\/\/www.hautinfo.at\/diverse-hautthemen\/akne-inversa-198\/akne-inversa-374.html\" target=\"_blank\" rel=\"noopener\">www.hautinfo.at\/diverse-hautthemen\/akne-inversa-198\/akne-inversa-374.html<\/a><\/p>\n<p><strong>En Allemagne:<\/strong><br \/>\nFacebook (groupes ferm\u00e9s):<br \/>\nGroupe d\u2019entraide pour les personnes souffrant de la maladie de Verneuil: <a href=\"https:\/\/www.facebook.com\/groups\/Akneinversaselbsthilfe\/\" target=\"_blank\" rel=\"noopener\">https:\/\/www.facebook.com\/groups\/Akneinversaselbsthilfe\/<\/a><br \/>\nGroupe de proches: <a href=\"https:\/\/www.facebook.com\/groups\/311104732429155\/\" target=\"_blank\" rel=\"noopener\">https:\/\/www.facebook.com\/groups\/311104732429155\/<\/a><br \/>\nAkne Inversa Club: <a href=\"https:\/\/www.facebook.com\/groups\/akneinversa.club\/\" target=\"_blank\" rel=\"noopener\">https:\/\/www.facebook.com\/groups\/akneinversa.club\/<\/a><br \/>\nAkne Inversa Ern\u00e4hrung: <a href=\"https:\/\/www.facebook.com\/groups\/akneinversaernaehrung\/\" target=\"_blank\" rel=\"noopener\">https:\/\/www.facebook.com\/groups\/akneinversaernaehrung\/<\/a><\/p>\n<p><strong>Pages d\u2019information:<\/strong><br \/>\n<a href=\"http:\/\/www.abbvie-care.de\/erkrankung\/acne-inversa\/was-ist-acne-inversa\/ www.acne-inversa-charite.de\/ www.lifeline.de\/krankheiten\/akne-inversa-definition-basiswissen-hautkrankheit-id39862.html\" target=\"_blank\" rel=\"noopener\">www.abbvie-care.de\/erkrankung\/acne-inversa\/was-ist-acne-inversa\/ <\/a><\/p>\n<p><a href=\"http:\/\/www.acne-inversa-charite.de\/\" target=\"_blank\" rel=\"noopener\">http:\/\/www.acne-inversa-charite.de\/<\/a><\/p>\n<p><a href=\"http:\/\/www.lifeline.de\/krankheiten\/akne-inversa-definition-basiswissen-hautkrankheit-id39862.html\" target=\"_blank\" rel=\"noopener\"> www.lifeline.de\/krankheiten\/akne-inversa-definition-basiswissen-hautkrankheit-id39862.html<\/a><\/p>\n<p><strong>En France:<\/strong><br \/>\n<a href=\"https:\/\/www.orpha.net\/data\/patho\/Pub\/fr\/Verneuil-FRfrPub2049v01.pdf\" target=\"_blank\" rel=\"noopener\">https:\/\/www.orpha.net\/data\/patho\/Pub\/fr\/Verneuil-FRfrPub2049v01.pdf<\/a><\/p>\n<p><strong>En Italie:<br \/>\n<\/strong><a href=\"https:\/\/www.lapellesicura.it\">https:\/\/www.lapellesicura.it<\/a><\/p>\n<p><strong>En Belgique:<\/strong><br \/>\n(ASPH, informations en fran\u00e7ais):<br \/>\n<a href=\"http:\/\/www.asph.be\/Documents\/analyses-etudes-2014\/Analyse-2014-30-la-maladie-de-verneuilOK.pdf\" target=\"_blank\" rel=\"noopener\">www.asph.be\/Documents\/analyses-etudes-2014\/Analyse-2014-30-la-maladie-de-verneuilOK.pdf<\/a><\/p>\n<p><strong><span style=\"color: #06a290;\">Associations de patients<\/span><\/strong><\/p>\n<p>Morbus Crohn (Suisse): <a href=\"http:\/\/www.smccv.ch\" target=\"_blank\" rel=\"noopener\">www.smccv.ch<\/a><\/p>\n<p><span style=\"color: #06a290;\"><span style=\"caret-color: #06a290;\"><b>Pharma<\/b><\/span><\/span><\/p>\n<p><a href=\"http:\/\/www.abbvie.ch\">www.abbvie.ch<\/a><\/p>\n<p><a href=\"http:\/\/www.biogen.ch\">www.biogen.ch<\/a><\/p>\n<p><a href=\"http:\/\/www.novartis.ch\">www.novartis.ch<\/a><\/p>\n<p><a title=\"http:\/\/www.meineakneinversa.ch\" href=\"http:\/\/www.meineakneinversa.ch\/\">www.meineakneinversa.ch<\/a><\/p>\n<p><a title=\"https:\/\/urldefense.com\/v3\/__https:\/www.my-sandoz.com\/hub\/en\/hyrimoz-f6bfa4e3e__;!!N3hqHg43uw!s6QWsA2cq2ICLnAsDKSqvEwjMldgXRrCSS4JM9nr5nOSbL9oAatPHm0LyOrIWjOLib9Gmyh5zzCZl0bI3BBfCnLIgl08w0sGJA$\" href=\"https:\/\/www.my-sandoz.com\/hub\/en\/hyrimoz-f6bfa4e3e\">Hyrimoz (my-sandoz.com)<\/a><\/p>\n<p><a href=\"https:\/\/ucbsuisse.ch\/\">www.ucbsuisse.ch<\/a><\/p>\n<p><strong><span style=\"color: #06a290;\">Divers<\/span><\/strong><\/p>\n<p><a href=\"https:\/\/mediqsuisse.ch\">www.mediqsuisse.ch<\/a><\/p>\n<p><strong><span style=\"color: #06a290;\">Questions juridiques ?<\/span><\/strong><\/p>\n<p><a href=\"mailto:kontakt@acneinversaschweiz.ch\">kontakt@acneinversaschweiz.ch<\/a>[\/vc_column_text][\/vc_column][\/vc_row][vc_row type=\u00a0\u00bbin_container\u00a0\u00bb full_screen_row_position=\u00a0\u00bbmiddle\u00a0\u00bb scene_position=\u00a0\u00bbcenter\u00a0\u00bb text_color=\u00a0\u00bbdark\u00a0\u00bb text_align=\u00a0\u00bbleft\u00a0\u00bb overlay_strength=\u00a0\u00bb0.3&Prime;][vc_column column_padding=\u00a0\u00bbno-extra-padding\u00a0\u00bb column_padding_position=\u00a0\u00bball\u00a0\u00bb background_color_opacity=\u00a0\u00bb1&Prime; background_hover_color_opacity=\u00a0\u00bb1&Prime; width=\u00a0\u00bb1\/1&Prime; tablet_text_alignment=\u00a0\u00bbdefault\u00a0\u00bb phone_text_alignment=\u00a0\u00bbdefault\u00a0\u00bb][divider line_type=\u00a0\u00bbSmall Line\u00a0\u00bb line_thickness=\u00a0\u00bb1&Prime; divider_color=\u00a0\u00bbdefault\u00a0\u00bb custom_height=\u00a0\u00bb40&Prime;][\/vc_column][\/vc_row]\n","protected":false},"excerpt":{"rendered":"<p>[vc_row type=\u00a0\u00bbin_container\u00a0\u00bb full_screen_row_position=\u00a0\u00bbmiddle\u00a0\u00bb scene_position=\u00a0\u00bbcenter\u00a0\u00bb text_color=\u00a0\u00bbdark\u00a0\u00bb text_align=\u00a0\u00bbleft\u00a0\u00bb class=\u00a0\u00bbtopShadow\u00a0\u00bb overlay_strength=\u00a0\u00bb0.3&Prime;][vc_column column_padding=\u00a0\u00bbno-extra-padding\u00a0\u00bb column_padding_position=\u00a0\u00bball\u00a0\u00bb background_color_opacity=\u00a0\u00bb1&Prime; background_hover_color_opacity=\u00a0\u00bb1&Prime; top_margin=\u00a0\u00bb40&Prime; width=\u00a0\u00bb1\/1&Prime; tablet_text_alignment=\u00a0\u00bbdefault\u00a0\u00bb phone_text_alignment=\u00a0\u00bbdefault\u00a0\u00bb][vc_column_text]Nous vous recommandons les sites suivants pour obtenir des informations compl\u00e9mentaires sur Internet:[\/vc_column_text][\/vc_column][\/vc_row][vc_row type=\u00a0\u00bbin_container\u00a0\u00bb full_screen_row_position=\u00a0\u00bbmiddle\u00a0\u00bb&#8230;<\/p>\n","protected":false},"author":1,"featured_media":0,"parent":0,"menu_order":0,"comment_status":"closed","ping_status":"closed","template":"","meta":{"footnotes":""},"class_list":["post-1886","page","type-page","status-publish"],"_links":{"self":[{"href":"https:\/\/acneinversaschweiz.ch\/fr\/wp-json\/wp\/v2\/pages\/1886","targetHints":{"allow":["GET"]}}],"collection":[{"href":"https:\/\/acneinversaschweiz.ch\/fr\/wp-json\/wp\/v2\/pages"}],"about":[{"href":"https:\/\/acneinversaschweiz.ch\/fr\/wp-json\/wp\/v2\/types\/page"}],"author":[{"embeddable":true,"href":"https:\/\/acneinversaschweiz.ch\/fr\/wp-json\/wp\/v2\/users\/1"}],"replies":[{"embeddable":true,"href":"https:\/\/acneinversaschweiz.ch\/fr\/wp-json\/wp\/v2\/comments?post=1886"}],"version-history":[{"count":13,"href":"https:\/\/acneinversaschweiz.ch\/fr\/wp-json\/wp\/v2\/pages\/1886\/revisions"}],"predecessor-version":[{"id":2421,"href":"https:\/\/acneinversaschweiz.ch\/fr\/wp-json\/wp\/v2\/pages\/1886\/revisions\/2421"}],"wp:attachment":[{"href":"https:\/\/acneinversaschweiz.ch\/fr\/wp-json\/wp\/v2\/media?parent=1886"}],"curies":[{"name":"wp","href":"https:\/\/api.w.org\/{rel}","templated":true}]}}